{"id":43,"date":"2015-12-22T20:10:52","date_gmt":"2015-12-22T19:10:52","guid":{"rendered":"http:\/\/localhost:8888\/JRM@WP\/wordpress\/?page_id=43"},"modified":"2023-09-06T16:45:16","modified_gmt":"2023-09-06T14:45:16","slug":"pressestimmen","status":"publish","type":"page","link":"https:\/\/www.judithritter.de\/wordpress\/pressestimmen\/","title":{"rendered":"Pressestimmen"},"content":{"rendered":"<p><div class=\"fusion-fullwidth fullwidth-box fusion-builder-row-1 nonhundred-percent-fullwidth non-hundred-percent-height-scrolling\" style=\"--awb-background-position:left top;--awb-border-sizes-top:0px;--awb-border-sizes-bottom:0px;--awb-border-sizes-left:0px;--awb-border-sizes-right:0px;--awb-border-radius-top-left:0px;--awb-border-radius-top-right:0px;--awb-border-radius-bottom-right:0px;--awb-border-radius-bottom-left:0px;--awb-padding-bottom:0px;--awb-flex-wrap:wrap;\" ><div class=\"fusion-builder-row fusion-row\"><div class=\"fusion-layout-column fusion_builder_column fusion-builder-column-0 fusion_builder_column_2_5 2_5 fusion-two-fifth fusion-column-first fusion-no-small-visibility\" style=\"--awb-padding-top:20px;--awb-padding-right:20px;--awb-padding-bottom:20px;--awb-padding-left:20px;--awb-bg-size:cover;--awb-margin-bottom:0px;width:37.6%; margin-right: 4%;\"><div class=\"fusion-column-wrapper fusion-flex-column-wrapper-legacy\"><div class=\"fusion-image-element fusion-image-align-center fusion-no-small-visibility in-legacy-container\" style=\"text-align:center;--awb-caption-title-font-family:var(--h2_typography-font-family);--awb-caption-title-font-weight:var(--h2_typography-font-weight);--awb-caption-title-font-style:var(--h2_typography-font-style);--awb-caption-title-size:var(--h2_typography-font-size);--awb-caption-title-transform:var(--h2_typography-text-transform);--awb-caption-title-line-height:var(--h2_typography-line-height);--awb-caption-title-letter-spacing:var(--h2_typography-letter-spacing);\"><div class=\"imageframe-align-center\"><span class=\" fusion-imageframe imageframe-none imageframe-1 hover-type-zoomin\"><img decoding=\"async\" width=\"922\" height=\"1382\" alt=\"Judith Ritter Pressestimmen Foto\" title=\"Judith Ritter (72dpi, 716KB)\" src=\"https:\/\/www.judithritter.de\/wordpress\/wp-content\/uploads\/2016\/01\/7Y0A7110_72dpi_full.jpg\" class=\"img-responsive wp-image-1363\" srcset=\"https:\/\/www.judithritter.de\/wordpress\/wp-content\/uploads\/2016\/01\/7Y0A7110_72dpi_full-200x300.jpg 200w, https:\/\/www.judithritter.de\/wordpress\/wp-content\/uploads\/2016\/01\/7Y0A7110_72dpi_full.jpg 922w\" sizes=\"(max-width: 800px) 100vw, 922px\" \/><\/span><\/div><\/div><div class=\"fusion-clearfix\"><\/div><\/div><\/div><div class=\"fusion-layout-column fusion_builder_column fusion-builder-column-1 fusion_builder_column_3_5 3_5 fusion-three-fifth fusion-column-last\" style=\"--awb-padding-top:50px;--awb-padding-right:50px;--awb-padding-bottom:50px;--awb-padding-left:50px;--awb-bg-size:cover;--awb-margin-bottom:0px;width:58.4%;\"><div class=\"fusion-column-wrapper fusion-flex-column-wrapper-legacy\"><div class=\"fusion-sep-clear\"><\/div><div class=\"fusion-separator fusion-full-width-sep\" style=\"margin-left: auto;margin-right: auto;margin-top:20px;width:100%;\"><\/div><div class=\"fusion-sep-clear\"><\/div><div class=\"fusion-text fusion-text-1\"><p><strong style=\"font-family: OpenSans; font-size: 16px;\"><em>&#8222;&#8230;Der Altistin Judith Ritter waren mit &#8222;Bereite dich, Zion&#8220;, dem Wiegenlied &#8222;Schlafe, mein Liebster&#8220; und &#8222;Schlie\u00dfe mein Herz&#8220; drei Perlen der Partitur anvertraut &#8211; Elemente, die sie mit ihrer weichen und im Volumen beweglichen Stimme wunderbar zum Leuchten brachte. &#8230; &#8222;<\/em><\/strong><\/p>\n<h5 style=\"text-align: right;\"><em>(J. S. Bach &#8211; Weihnachtsoratorium &#8211; Mittelhessen, Wetzlar)<\/em><\/h5>\n<p><strong style=\"font-family: OpenSans; font-size: 16px;\"><em>&#8222;&#8230; Die Mezzosopranistin Judith Ritter gab dem \u201cPie Jesu\u201d mit einem ungemein warmen und dabei immer sonoren Klang eine anbetend meditative Gestalt. &#8230; &#8222;<\/em><\/strong><\/p>\n<h5 style=\"text-align: right;\"><em>(Durufl\u00e9 &#8211; Requiem &#8211; Badische Neueste Nachrichten)<\/em><\/h5>\n<p><strong style=\"font-family: OpenSans; font-size: 16px;\"><em>&#8222;&#8230; Ein ganz besonderer Genuss war es, der in allen Lagen kultivierten und wohlklingenden Altstimme von Judith Ritter zuzuh\u00f6ren. Gerade den Beginn des Agnus Dei gestaltete sie auf geradezu bezaubernde Weise &#8230;&#8220;<\/em><\/strong><\/p>\n<h5 style=\"text-align: right;\"><em>(Rossini &#8211; Petite Messe Solenelle &#8211; Badisches Tageblatt)\u00a0<\/em><\/h5>\n<\/div><div class=\"fusion-clearfix\"><\/div><\/div><\/div><\/div><\/div><div class=\"fusion-fullwidth fullwidth-box fusion-builder-row-2 hundred-percent-fullwidth non-hundred-percent-height-scrolling\" style=\"--awb-border-radius-top-left:0px;--awb-border-radius-top-right:0px;--awb-border-radius-bottom-right:0px;--awb-border-radius-bottom-left:0px;--awb-overflow:visible;--awb-padding-right:0px;--awb-padding-left:0px;--awb-background-color:rgba(255,255,255,0);--awb-flex-wrap:wrap;\" ><div class=\"fusion-builder-row fusion-row\"><div class=\"fusion-layout-column fusion_builder_column fusion-builder-column-2 fusion_builder_column_1_1 1_1 fusion-one-full fusion-column-first fusion-column-last fusion-column-no-min-height\" style=\"--awb-bg-size:cover;--awb-margin-bottom:0px;\"><div class=\"fusion-column-wrapper fusion-flex-column-wrapper-legacy\"><div class=\"fusion-sep-clear\"><\/div><div class=\"fusion-separator fusion-full-width-sep\" style=\"margin-left: auto;margin-right: auto;width:100%;\"><\/div><div class=\"fusion-sep-clear\"><\/div><div class=\"fusion-clearfix\"><\/div><\/div><\/div><\/div><\/div><div id=\"jrm-press\" class=\"fusion-container-anchor\"><div class=\"fusion-fullwidth fullwidth-box fusion-builder-row-3 nonhundred-percent-fullwidth non-hundred-percent-height-scrolling\" style=\"--awb-border-sizes-top:0px;--awb-border-sizes-bottom:0px;--awb-border-sizes-left:0px;--awb-border-sizes-right:0px;--awb-border-radius-top-left:0px;--awb-border-radius-top-right:0px;--awb-border-radius-bottom-right:0px;--awb-border-radius-bottom-left:0px;--awb-padding-top:0px;--awb-padding-bottom:0px;--awb-flex-wrap:wrap;\" ><div class=\"fusion-builder-row fusion-row\"><div class=\"fusion-layout-column fusion_builder_column fusion-builder-column-3 fusion_builder_column_1_3 1_3 fusion-one-third fusion-column-first\" style=\"--awb-padding-top:30px;--awb-padding-right:30px;--awb-padding-bottom:30px;--awb-padding-left:30px;--awb-bg-size:cover;--awb-border-color:#333333;--awb-border-style:solid;\"><div class=\"fusion-column-wrapper fusion-flex-column-wrapper-legacy\"><div class=\"fusion-text fusion-text-2\"><p><span style=\"font-family: 'Remington'; font-style: normal; font-size: 16px; font-weight: bold;\">&#8222;&#8230;Eine sehr wandlungsf\u00e4hige Stimme, geschmeidig in allen Tonlagen, die Textnuancen musikalisch unterstreichend: der Mezzosopran von Judith Ritter &#8230;&#8220;<\/span><\/p>\n<h5 style=\"text-align: right; color: #333333;\"><em>(Badische Zeitung)<\/em><\/h5>\n<\/div><div class=\"fusion-sep-clear\"><\/div><div class=\"fusion-separator\" style=\"margin-left: auto;margin-right: auto;margin-bottom:20px;width:100%;max-width:80%;\"><div class=\"fusion-separator-border sep-single sep-solid\" style=\"--awb-height:20px;--awb-amount:20px;--awb-sep-color:#333333;border-color:#333333;border-top-width:1px;\"><\/div><\/div><div class=\"fusion-sep-clear\"><\/div><div class=\"fusion-text fusion-text-3\"><p><span style=\"font-family: 'Remington'; font-style: normal; font-size: 16px; font-weight: bold;\">&#8222;&#8230; Judith Ritter sorgte mehr als einmal mit ihrem warmen, vollt\u00f6nenden Alt f\u00fcr G\u00e4nsehaut &#8230;&#8220;<\/span><\/p>\n<h5 style=\"text-align: right; color: #333333;\"><em>(Die Rheinpfalz)<\/em><\/h5>\n<\/div><div class=\"fusion-sep-clear\"><\/div><div class=\"fusion-separator\" style=\"margin-left: auto;margin-right: auto;margin-bottom:20px;width:100%;max-width:80%;\"><div class=\"fusion-separator-border sep-single sep-solid\" style=\"--awb-height:20px;--awb-amount:20px;--awb-sep-color:#333333;border-color:#333333;border-top-width:1px;\"><\/div><\/div><div class=\"fusion-sep-clear\"><\/div><div class=\"fusion-text fusion-text-4\"><p><span style=\"font-family: 'Remington'; font-style: normal; font-size: 16px; font-weight: bold;\">&#8222;&#8230; Ein ganz besonderer Genuss war es, der in allen Lagen kultivierten und wohlklingenden Altstimme von Judith Ritter zuzuh\u00f6ren. Gerade den Beginn des Agnus Dei gestaltete sie auf geradezu bezaubernde Weise &#8230;&#8220;<\/span><\/p>\n<h5 style=\"text-align: right; color: #333333;\"><em>(Rossini &#8211; Petite Messe Solenelle &#8211; Badisches Tageblatt)\u00a0<\/em><\/h5>\n<\/div><div class=\"fusion-sep-clear\"><\/div><div class=\"fusion-separator\" style=\"margin-left: auto;margin-right: auto;margin-bottom:20px;width:100%;max-width:80%;\"><div class=\"fusion-separator-border sep-single sep-solid\" style=\"--awb-height:20px;--awb-amount:20px;--awb-sep-color:#333333;border-color:#333333;border-top-width:1px;\"><\/div><\/div><div class=\"fusion-sep-clear\"><\/div><div class=\"fusion-text fusion-text-5\"><p><span style=\"font-family: 'Remington'; font-style: normal; font-size: 16px; font-weight: bold;\">&#8222;&#8230;Der Altistin Judith Ritter waren mit &#8222;Bereite dich, Zion&#8220;, dem Wiegenlied &#8222;Schlafe, mein Liebster&#8220; und &#8222;Schlie\u00dfe mein Herz&#8220; drei Perlen der Partitur anvertraut &#8211; Elemente, die sie mit ihrer weichen und im Volumen beweglichen Stimme wunderbar zum Leuchten brachte. &#8230; &#8222;<\/span><\/p>\n<h5 style=\"text-align: right; color: #333333;\"><em>(Mittelhessen, Wetzlar)<\/em><\/h5>\n<\/div><div class=\"fusion-clearfix\"><\/div><\/div><\/div><div class=\"fusion-layout-column fusion_builder_column fusion-builder-column-4 fusion_builder_column_1_3 1_3 fusion-one-third\" style=\"--awb-padding-top:30px;--awb-padding-right:30px;--awb-padding-bottom:30px;--awb-padding-left:30px;--awb-bg-size:cover;\"><div class=\"fusion-column-wrapper fusion-flex-column-wrapper-legacy\"><div class=\"fusion-text fusion-text-6\"><p><span style=\"font-family: 'Remington'; font-style: normal; font-size: 16px; font-weight: bold;\">&#8222;&#8230; Die Altistin Judith Ritter interpretierte mit \u201cBereite dich, Zion\u201d eine der beliebtesten Arien aus dem Weihnachtsoratorium auf faszinierende Weise. Ihre wohlt\u00f6nende Stimme verband sich mit dem ausgewogenen Spiel der Instrumentalisten zu perfektem musikalischen Wohlklang &#8230;&#8220;<\/span><\/p>\n<h5 style=\"text-align: right; color: #333333;\"><em>(Mittelbadische Presse)<\/em><\/h5>\n<\/div><div class=\"fusion-sep-clear\"><\/div><div class=\"fusion-separator\" style=\"margin-left: auto;margin-right: auto;margin-bottom:20px;width:100%;max-width:80%;\"><div class=\"fusion-separator-border sep-single sep-solid\" style=\"--awb-height:20px;--awb-amount:20px;--awb-sep-color:#333333;border-color:#333333;border-top-width:1px;\"><\/div><\/div><div class=\"fusion-sep-clear\"><\/div><div class=\"fusion-text fusion-text-7\"><p><span style=\"font-family: 'Remington'; font-style: normal; font-size: 16px; font-weight: bold;\">&#8222;&#8230; Judith Ritter (Alt) besticht in ihrer Arie &#8230; durch klaren, vollen Stimmklang, exzellente Textverst\u00e4ndlichkeit und innigen Ausdruck.&#8220;<\/span><\/p>\n<h5 style=\"text-align: right; color: #333333;\"><em>(Heibronner Stimme)<\/em><\/h5>\n<\/div><div class=\"fusion-sep-clear\"><\/div><div class=\"fusion-separator\" style=\"margin-left: auto;margin-right: auto;margin-bottom:20px;width:100%;max-width:80%;\"><div class=\"fusion-separator-border sep-single sep-solid\" style=\"--awb-height:20px;--awb-amount:20px;--awb-sep-color:#333333;border-color:#333333;border-top-width:1px;\"><\/div><\/div><div class=\"fusion-sep-clear\"><\/div><div class=\"fusion-text fusion-text-8\"><p><span style=\"font-family: 'Remington'; font-style: normal; font-size: 16px; font-weight: bold;\">&#8222;&#8230; Judith Ritter ber\u00fchrte die Zuh\u00f6rer mit ihrer sehr sch\u00f6nen, runden und warmen Stimme. Sie verlie\u00df sich aber nie nur auf den Wohlklang ihres Mezzosoprans, sondern zeichnete mit gro\u00dfem Einf\u00fchlungsverm\u00f6gen den Spannungsverlauf der Kompositionen nach. Ausdrucksstark, dabei aber niemals \u00fcbertrieben oder gar maniriert &#8230;&#8220;<\/span><\/p>\n<h5 style=\"text-align: right; color: #333333;\"><em>(S\u00fcdwest Rundschau)<\/em><\/h5>\n<\/div><div class=\"fusion-sep-clear\"><\/div><div class=\"fusion-separator\" style=\"margin-left: auto;margin-right: auto;margin-bottom:20px;width:100%;max-width:80%;\"><div class=\"fusion-separator-border sep-single sep-solid\" style=\"--awb-height:20px;--awb-amount:20px;--awb-sep-color:#333333;border-color:#333333;border-top-width:1px;\"><\/div><\/div><div class=\"fusion-sep-clear\"><\/div><div class=\"fusion-text fusion-text-9\"><p><span style=\"font-family: 'Remington'; font-style: normal; font-size: 16px; font-weight: bold;\">&#8222;&#8230; Die Mezzosopranistin Judith Ritter gab dem \u201cPie Jesu\u201d mit einem ungemein warmen und dabei immer sonoren Klang eine anbetend meditative Gestalt. &#8230; &#8222;<\/span><\/p>\n<h5 style=\"text-align: right; color: #333333;\"><em>(Durufl\u00e9 &#8211; Requiem &#8211; Badische Neueste Nachrichten)\u00a0<\/em><\/h5>\n<\/div><div class=\"fusion-clearfix\"><\/div><\/div><\/div><div class=\"fusion-layout-column fusion_builder_column fusion-builder-column-5 fusion_builder_column_1_3 1_3 fusion-one-third fusion-column-last\" style=\"--awb-padding-top:30px;--awb-padding-right:30px;--awb-padding-bottom:30px;--awb-padding-left:30px;--awb-bg-size:cover;\"><div class=\"fusion-column-wrapper fusion-flex-column-wrapper-legacy\"><div class=\"fusion-text fusion-text-10\"><p><span style=\"font-family: 'Remington'; font-style: normal; font-size: 16px; font-weight: bold;\">&#8222;&#8230; Meditativ und zugleich expressiv trug die Altistin Judith Ritter die Arie \u201cAgnus Dei\u201d vor, die die Zuh\u00f6rer zur Ruhe kommen lie\u00df &#8230;&#8220;<\/span><\/p>\n<h5 style=\"text-align: right; color: #333333;\"><em>(Bach &#8211; h-Moll-Messe &#8211; Die Rheinpfalz)<\/em><\/h5>\n<\/div><div class=\"fusion-sep-clear\"><\/div><div class=\"fusion-separator\" style=\"margin-left: auto;margin-right: auto;margin-bottom:20px;width:100%;max-width:80%;\"><div class=\"fusion-separator-border sep-single sep-solid\" style=\"--awb-height:20px;--awb-amount:20px;--awb-sep-color:#333333;border-color:#333333;border-top-width:1px;\"><\/div><\/div><div class=\"fusion-sep-clear\"><\/div><div class=\"fusion-text fusion-text-11\"><p><span style=\"font-family: 'Remington'; font-style: normal; font-size: 16px; font-weight: bold;\">&#8222;&#8230; Wundersch\u00f6n war beispielsweise im Gloria das \u201cLaudamus te\u201d, inspiriert, lebendig phrasiert und locker vorgetragen. Der durch Wohlklang der Stimme und Sinnhaftigkeit der Gestaltung hervorragenden Altistin standen &#8230;&#8220;<\/span><\/p>\n<h5 style=\"text-align: right; color: #333333;\"><em>(Mittelhaardter Rundschau)<\/em><\/h5>\n<\/div><div class=\"fusion-sep-clear\"><\/div><div class=\"fusion-separator\" style=\"margin-left: auto;margin-right: auto;margin-bottom:20px;width:100%;max-width:80%;\"><div class=\"fusion-separator-border sep-single sep-solid\" style=\"--awb-height:20px;--awb-amount:20px;--awb-sep-color:#333333;border-color:#333333;border-top-width:1px;\"><\/div><\/div><div class=\"fusion-sep-clear\"><\/div><div class=\"fusion-text fusion-text-12\"><p><span style=\"font-family: 'Remington'; font-style: normal; font-size: 16px; font-weight: bold;\">&#8222;&#8230; gelungen auch das Agnus Dei: eine innige Bitte um Erbarmen, verhalten, kr\u00e4ftig, klar und spannend von der Altistin vorgetragen, wunderbar diffizil und achtsam von Violinen und Celli begleitet &#8230;&#8220;<\/span><\/p>\n<h5 style=\"text-align: right; color: #333333;\"><em>(Mittelhaardter Rundschau)<\/em><\/h5>\n<\/div><div class=\"fusion-sep-clear\"><\/div><div class=\"fusion-separator\" style=\"margin-left: auto;margin-right: auto;margin-bottom:20px;width:100%;max-width:80%;\"><div class=\"fusion-separator-border sep-single sep-solid\" style=\"--awb-height:20px;--awb-amount:20px;--awb-sep-color:#333333;border-color:#333333;border-top-width:1px;\"><\/div><\/div><div class=\"fusion-sep-clear\"><\/div><div class=\"fusion-text fusion-text-13\"><p><span style=\"font-family: 'Remington'; font-style: normal; font-size: 16px; font-weight: bold;\">&#8222;&#8230; Fast spielerisch der Wechsel zwischen dem Anfangsteil der Melodie bis hin zu den fast dramatisch anmutenden Schlu\u00dfakkorden, in denen die Mezzosopranistin ihr schier unersch\u00f6pfliches Klangvolumen voll zum Ausdruck bringen konnte &#8230;&#8220;<\/span><\/p>\n<h5 style=\"text-align: right; color: #333333;\"><em>(Schwarzw\u00e4lder Bote &#8211; Bad Wildbad)<\/em><\/h5>\n<\/div><div class=\"fusion-clearfix\"><\/div><\/div><\/div><\/div><\/div><\/div><div class=\"fusion-fullwidth fullwidth-box fusion-builder-row-4 nonhundred-percent-fullwidth non-hundred-percent-height-scrolling\" style=\"--awb-background-position:left top;--awb-border-sizes-top:0px;--awb-border-sizes-bottom:0px;--awb-border-sizes-left:0px;--awb-border-sizes-right:0px;--awb-border-radius-top-left:0px;--awb-border-radius-top-right:0px;--awb-border-radius-bottom-right:0px;--awb-border-radius-bottom-left:0px;--awb-padding-top:20px;--awb-padding-bottom:20px;--awb-flex-wrap:wrap;\" ><div class=\"fusion-builder-row fusion-row\"><\/div><\/div><\/p>\n","protected":false},"excerpt":{"rendered":"","protected":false},"author":1,"featured_media":0,"parent":0,"menu_order":0,"comment_status":"closed","ping_status":"closed","template":"100-width.php","meta":{"footnotes":""},"class_list":["post-43","page","type-page","status-publish","hentry"],"_links":{"self":[{"href":"https:\/\/www.judithritter.de\/wordpress\/wp-json\/wp\/v2\/pages\/43","targetHints":{"allow":["GET"]}}],"collection":[{"href":"https:\/\/www.judithritter.de\/wordpress\/wp-json\/wp\/v2\/pages"}],"about":[{"href":"https:\/\/www.judithritter.de\/wordpress\/wp-json\/wp\/v2\/types\/page"}],"author":[{"embeddable":true,"href":"https:\/\/www.judithritter.de\/wordpress\/wp-json\/wp\/v2\/users\/1"}],"replies":[{"embeddable":true,"href":"https:\/\/www.judithritter.de\/wordpress\/wp-json\/wp\/v2\/comments?post=43"}],"version-history":[{"count":76,"href":"https:\/\/www.judithritter.de\/wordpress\/wp-json\/wp\/v2\/pages\/43\/revisions"}],"predecessor-version":[{"id":2853,"href":"https:\/\/www.judithritter.de\/wordpress\/wp-json\/wp\/v2\/pages\/43\/revisions\/2853"}],"wp:attachment":[{"href":"https:\/\/www.judithritter.de\/wordpress\/wp-json\/wp\/v2\/media?parent=43"}],"curies":[{"name":"wp","href":"https:\/\/api.w.org\/{rel}","templated":true}]}}